{"id":5668,"date":"2025-06-03T15:17:08","date_gmt":"2025-06-03T15:17:08","guid":{"rendered":"https:\/\/www.futerro.com\/event\/conference-eubp-5-recyclage-des-bioplastiques-de-linnovation-a-la-mise-en-oeuvre-a-lere-du-ppwr\/"},"modified":"2026-01-02T09:13:16","modified_gmt":"2026-01-02T08:13:16","slug":"conference-eubp-5-recyclage-des-bioplastiques-de-linnovation-a-la-mise-en-oeuvre-a-lere-du-ppwr","status":"publish","type":"event","link":"https:\/\/www.futerro.com\/fr\/event\/conference-eubp-5-recyclage-des-bioplastiques-de-linnovation-a-la-mise-en-oeuvre-a-lere-du-ppwr\/","title":{"rendered":"EUBP Talk #5 : recyclage des bioplastiques | de l&rsquo;innovation \u00e0 la mise en \u0153uvre \u00e0 l&rsquo;\u00e8re de la PPWR"},"content":{"rendered":"\n<p>Le 3 juin 2025 a marqu\u00e9 le d\u00e9but de la Semaine verte de l&rsquo;UE (EU Green Week), une importante opportunit\u00e9 annuelle pour mettre en lumi\u00e8re, promouvoir et d\u00e9battre des derniers d\u00e9veloppements de la politique environnementale europ\u00e9enne. Le th\u00e8me de cette ann\u00e9e : Solutions circulaires pour une UE comp\u00e9titive. <br\/><br\/>Chez Futerro, nous sommes de fervents d\u00e9fenseurs du recyclage des bioplastiques tels que le PLA. Nous travaillons activement au d\u00e9veloppement d&rsquo;une fili\u00e8re de recyclage d\u00e9di\u00e9e au PLA, notamment \u00e0 travers notre projet de bioraffinerie en France, qui inclura des unit\u00e9s de recyclage m\u00e9canique et chimique pour les d\u00e9chets \u00e0 base de PLA.<br\/>De plus, nous sommes engag\u00e9s dans des efforts collaboratifs tels que le projet <a href=\"https:\/\/prosperbioplastics.eu\/\">Prosper Bioplastics<\/a>, qui vise \u00e0 d\u00e9montrer la viabilit\u00e9 technique et financi\u00e8re du recyclage des emballages plastiques biosourc\u00e9s et biod\u00e9gradables. <br\/><br\/>Dans ce contexte, notre coll\u00e8gue <a href=\"https:\/\/www.linkedin.com\/in\/ACoAABsDDbsBTpr03-AgGeDogdAQNlpgsyb5LWM\"><\/a>Geoffroy Delvinquier a eu le plaisir de participer \u00e0 la EUBP Talk #5, en prenant part \u00e0 un panel sur le recyclage des bioplastiques \u00e0 l&rsquo;\u00e8re de la PPWR. La discussion s&rsquo;est concentr\u00e9e sur la mani\u00e8re dont les cadres r\u00e9glementaires actuels et futurs, en particulier le R\u00e8glement sur les emballages et les d\u00e9chets d&#8217;emballages (PPWR), fa\u00e7onnent l&rsquo;avenir du recyclage des bioplastiques en Europe. <br\/><br\/>Un grand merci \u00e0 tous les participants pour cet \u00e9change v\u00e9ritablement enrichissant, et bien s\u00fbr, merci \u00e0 European Bioplastics pour l&rsquo;organisation de cette discussion significative !<\/p>\n\n<p><\/p>\n","protected":false},"featured_media":3693,"template":"","meta":{"_acf_changed":false,"_seopress_robots_primary_cat":"","_seopress_titles_title":"","_seopress_titles_desc":"","_seopress_robots_index":"","inline_featured_image":false},"class_list":["post-5668","event","type-event","status-publish","has-post-thumbnail","hentry"],"acf":[],"_links":{"self":[{"href":"https:\/\/www.futerro.com\/fr\/wp-json\/wp\/v2\/event\/5668","targetHints":{"allow":["GET"]}}],"collection":[{"href":"https:\/\/www.futerro.com\/fr\/wp-json\/wp\/v2\/event"}],"about":[{"href":"https:\/\/www.futerro.com\/fr\/wp-json\/wp\/v2\/types\/event"}],"wp:featuredmedia":[{"embeddable":true,"href":"https:\/\/www.futerro.com\/fr\/wp-json\/wp\/v2\/media\/3693"}],"wp:attachment":[{"href":"https:\/\/www.futerro.com\/fr\/wp-json\/wp\/v2\/media?parent=5668"}],"curies":[{"name":"wp","href":"https:\/\/api.w.org\/{rel}","templated":true}]}}